{"id":1392,"date":"2023-04-01T19:32:24","date_gmt":"2023-04-01T19:32:24","guid":{"rendered":"https:\/\/salud.campeche.gob.mx\/?page_id=1392"},"modified":"2023-04-17T19:36:56","modified_gmt":"2023-04-17T19:36:56","slug":"servicio-social-carreras-afines","status":"publish","type":"page","link":"https:\/\/salud.campeche.gob.mx\/?page_id=1392","title":{"rendered":"Servicio Social Carreras Afines"},"content":{"rendered":"<p>[et_pb_section fb_built=\u00bb1&#8243; _builder_version=\u00bb4.5.0&#8243; _module_preset=\u00bbdefault\u00bb background_color=\u00bb#91293a\u00bb background_image=\u00bbhttps:\/\/salud.campeche.gob.mx\/wp-content\/uploads\/2022\/12\/fondorojo-1.jpg\u00bb width=\u00bb100%\u00bb max_width=\u00bb100%\u00bb min_height=\u00bb20%\u00bb height=\u00bb18%\u00bb max_height=\u00bb20%\u00bb custom_margin=\u00bb||0px||false|false\u00bb custom_padding=\u00bb||0px|||\u00bb][et_pb_row _builder_version=\u00bb4.5.0&#8243; _module_preset=\u00bbdefault\u00bb max_width=\u00bb100%\u00bb][et_pb_column type=\u00bb4_4&#8243; _builder_version=\u00bb4.5.0&#8243; _module_preset=\u00bbdefault\u00bb][et_pb_blurb title=\u00bbPrograma de Servicio Social de Carreras Afines\u00bb image=\u00bbhttps:\/\/salud.campeche.gob.mx\/wp-content\/uploads\/2023\/04\/carreras-afines-blanco.png\u00bb image_max_width=\u00bb5em\u00bb content_max_width=\u00bb25em\u00bb font_icon_tablet=\u00bb\u00bb font_icon_phone=\u00bb\u00bb font_icon_last_edited=\u00bbon|desktop\u00bb _builder_version=\u00bb4.5.0&#8243; _module_preset=\u00bbdefault\u00bb header_font=\u00bb|700|||||||\u00bb header_text_align=\u00bbcenter\u00bb header_text_color=\u00bb#ffffff\u00bb header_font_size=\u00bb2em\u00bb header_line_height=\u00bb1.5em\u00bb body_text_align=\u00bbcenter\u00bb body_text_color=\u00bbrgba(0,0,0,0)\u00bb body_font_size=\u00bb1.5em\u00bb body_line_height=\u00bb1.8em\u00bb text_orientation=\u00bbcenter\u00bb width=\u00bb100%\u00bb module_alignment=\u00bbright\u00bb min_height=\u00bb170.6px\u00bb custom_padding=\u00bb0px|||||\u00bb hover_enabled=\u00bb0&#8243; font_icon__hover_enabled=\u00bbon|desktop\u00bb title_text=\u00bbcarreras afines blanco\u00bb][\/et_pb_blurb][\/et_pb_column][\/et_pb_row][\/et_pb_section][et_pb_section fb_built=\u00bb1&#8243; _builder_version=\u00bb4.5.0&#8243; _module_preset=\u00bbdefault\u00bb custom_margin=\u00bb||1.4%||false|false\u00bb custom_padding=\u00bb0px||0px|18px|false|false\u00bb][et_pb_row _builder_version=\u00bb4.5.0&#8243; _module_preset=\u00bbdefault\u00bb max_width=\u00bb80%\u00bb min_height=\u00bb100%\u00bb custom_margin=\u00bb|auto|auto|auto|false|false\u00bb custom_padding=\u00bb||2px||false|false\u00bb][et_pb_column type=\u00bb4_4&#8243; _builder_version=\u00bb4.5.0&#8243; _module_preset=\u00bbdefault\u00bb][et_pb_blurb title=\u00bbIntroducci\u00f3n\u00bb content_max_width=\u00bb100%\u00bb _builder_version=\u00bb4.5.0&#8243; _module_preset=\u00bbdefault\u00bb header_font=\u00bb|700|||||||\u00bb header_text_align=\u00bbleft\u00bb header_text_color=\u00bb#9F2241&#8243; header_font_size=\u00bb2em\u00bb body_text_align=\u00bbleft\u00bb custom_margin=\u00bb||auto||false|false\u00bb custom_padding=\u00bb2px|||||\u00bb][\/et_pb_blurb][et_pb_text _builder_version=\u00bb4.5.0&#8243; _module_preset=\u00bbdefault\u00bb text_text_color=\u00bb#000000&#8243; text_font_size=\u00bb1em\u00bb text_orientation=\u00bbjustified\u00bb custom_margin=\u00bb||auto||false|false\u00bb custom_padding=\u00bb||1em||false|false\u00bb]<\/p>\n<p>La Coordinaci\u00f3n\u00a0 de Carreras Af\u00ednes de la Direcci\u00f3n de Innovaci\u00f3n y Calidad, tiene como objetivo garantizar el funcionamiento adecuado en la pr\u00e1ctica social de las carreras profesionales y t\u00e9cnicas, que contribuya la prestaci\u00f3n de servicios de salud de mejor calidad a mayor n\u00famero de personas dentro de las unidades y servicios donde est\u00e9n adscritos.<\/p>\n<p>Para ello se trabaja de forma estrecha y coordinada con la Direcci\u00f3n General de Calidad y Educaci\u00f3n en Salud, las\u00a0 Instituciones Educativas y las Instituciones de Salud, buscando de forma continua estrategias que favorezcan el cumplimiento de metas y objetivos\u00a0 enfocados a fortalecer la formaci\u00f3n de recursos humanos en Salud.<\/p>\n<p>La Capacitaci\u00f3n Continua es un elemento primordial dentro de la Coordinaci\u00f3n, para ello se hace uso de recursos acad\u00e9micos diversos que incluyen aprovechamiento de plataformas virtuales, capacitaciones presenciales y adiestramiento en servicio para cada uno de los becarios distribuidos en los campos cl\u00ednicos del Estado, a cargo del Instituto de Servicios Descentralizados de Salud P\u00fablica del Estado de Campeche.<\/p>\n<p>[\/et_pb_text][et_pb_divider divider_weight=\u00bb0.2em\u00bb _builder_version=\u00bb4.5.0&#8243; _module_preset=\u00bbdefault\u00bb max_width=\u00bb100%\u00bb module_alignment=\u00bbcenter\u00bb custom_margin=\u00bb||0%||false|false\u00bb][\/et_pb_divider][et_pb_blurb title=\u00bb\u00bfQu\u00e9 es el Servicio Social?\u00bb content_max_width=\u00bb100%\u00bb _builder_version=\u00bb4.5.0&#8243; _module_preset=\u00bbdefault\u00bb header_font=\u00bb|700|||||||\u00bb header_text_align=\u00bbleft\u00bb header_text_color=\u00bb#9F2241&#8243; header_font_size=\u00bb2em\u00bb body_text_align=\u00bbleft\u00bb custom_margin=\u00bb||-1px|||\u00bb][\/et_pb_blurb][et_pb_text _builder_version=\u00bb4.5.0&#8243; _module_preset=\u00bbdefault\u00bb text_text_color=\u00bb#000000&#8243; text_font_size=\u00bb1em\u00bb text_orientation=\u00bbjustified\u00bb custom_margin=\u00bb||auto||false|false\u00bb custom_padding=\u00bb||0px||false|false\u00bb]<\/p>\n<p>El Servicio Social es un periodo acad\u00e9mico obligatorio para todos los profesionales, es un requisito previo a la titulaci\u00f3n y tiene como prop\u00f3sito principal la vinculaci\u00f3n del estudiante con su entorno as\u00ed como retribuir a la sociedad en forma de acci\u00f3n social, los beneficios, que como estudiantes, se recibieron durante su formaci\u00f3n.<\/p>\n<p>[\/et_pb_text][et_pb_text _builder_version=\u00bb4.5.0&#8243; _module_preset=\u00bbdefault\u00bb text_text_color=\u00bb#000000&#8243; text_font_size=\u00bb1em\u00bb text_orientation=\u00bbjustified\u00bb custom_margin=\u00bb||auto||false|false\u00bb custom_padding=\u00bb0px||||false|false\u00bb]<\/p>\n<p><strong>Periodos para realizar el servicio social<\/strong><\/p>\n<p>Se programan anualmente dos promociones al a\u00f1o, en los meses de <strong>Febrero y Agosto.<\/strong><\/p>\n<p><strong>Modalidades <\/strong><\/p>\n<p>Existen diversas modalidades para la incorporaci\u00f3n de los pasantes dentro del Programa Nacional de Servicio Social en Regulaci\u00f3n Sanitaria dentro del Manual para el registro al servicio social SIASS (<strong>Sistema de Informaci\u00f3n para la Administraci\u00f3n de Servicio Social para la Salud<\/strong>).<\/p>\n<p>4 a 8 horas diarias<\/p>\n<p>6 a 12 meses de duraci\u00f3n y<\/p>\n<p>70 a 100% de cr\u00e9ditos acad\u00e9micos<\/p>\n<p><strong>Universidades y carreras que participan <\/strong><\/p>\n<p>Con registro en el\u00a0 Sistema de Informaci\u00f3n para la Administraci\u00f3n de Servicio Social para la Salud (SIASS)<\/p>\n<p>[\/et_pb_text][et_pb_text _builder_version=\u00bb4.5.0&#8243; _module_preset=\u00bbdefault\u00bb text_text_color=\u00bb#000000&#8243; text_font_size=\u00bb1em\u00bb text_orientation=\u00bbjustified\u00bb width=\u00bb80%\u00bb module_alignment=\u00bbcenter\u00bb custom_margin=\u00bb||auto||false|false\u00bb custom_padding=\u00bb0px||||false|false\u00bb]<\/p>\n<p>&nbsp;<\/p>\n<table width=\"377\">\n<tbody>\n<tr>\n<td width=\"135\"><strong><em>Universidad <\/em><\/strong><\/td>\n<td width=\"243\"><strong>Carrera<\/strong><\/td>\n<\/tr>\n<tr>\n<td rowspan=\"4\" width=\"135\">Universidad Aut\u00f3noma de Campeche<\/td>\n<td width=\"243\">Lic. en Qu\u00edmico Farmac\u00e9utico Bi\u00f3logo<\/td>\n<\/tr>\n<tr>\n<td width=\"243\">Lic. en Nutrici\u00f3n<\/td>\n<\/tr>\n<tr>\n<td width=\"243\">Lic. en Fisioterapia<\/td>\n<\/tr>\n<tr>\n<td width=\"243\">Lic. en Gerontolog\u00eda<\/td>\n<\/tr>\n<tr>\n<td rowspan=\"2\" width=\"135\">Universidad Aut\u00f3noma del Carmen<\/td>\n<td width=\"243\">Lic. en Nutrici\u00f3n<\/td>\n<\/tr>\n<tr>\n<td width=\"243\">Lic. Fisioterapia<\/td>\n<\/tr>\n<tr>\n<td rowspan=\"2\" width=\"135\">Universidad Mundo Maya<\/td>\n<td width=\"243\">Lic. en Nutrici\u00f3n<\/td>\n<\/tr>\n<tr>\n<td width=\"243\">Lic. en Psicolog\u00eda<\/td>\n<\/tr>\n<tr>\n<td rowspan=\"3\" width=\"135\">Universidad Vizcaya de las Am\u00e9ricas<\/td>\n<td width=\"243\">Lic. en Nutrici\u00f3n<\/td>\n<\/tr>\n<tr>\n<td width=\"243\">Lic. en Fisioterapia<\/td>\n<\/tr>\n<tr>\n<td width=\"243\">Lic. en Psicolog\u00eda<\/td>\n<\/tr>\n<tr>\n<td width=\"135\">Universidad Guadalupe Victoria<\/td>\n<td width=\"243\">Lic. en Nutrici\u00f3n<\/td>\n<\/tr>\n<tr>\n<td width=\"135\">Universidad Hispanoamericana<\/td>\n<td width=\"243\">Lic. en Nutrici\u00f3n<\/td>\n<\/tr>\n<\/tbody>\n<\/table>\n<p>&nbsp;<\/p>\n<p>[\/et_pb_text][et_pb_text _builder_version=\u00bb4.5.0&#8243; _module_preset=\u00bbdefault\u00bb text_text_color=\u00bb#000000&#8243; text_font_size=\u00bb1em\u00bb text_orientation=\u00bbjustified\u00bb custom_margin=\u00bb||auto||false|false\u00bb custom_padding=\u00bb0px||||false|false\u00bb]<\/p>\n<p><strong>Espacios para realizar el servicio social<\/strong><\/p>\n<p>Unidades m\u00e9dicas de primer nivel, Hospitales de cabecera municipal y hospitales integrales, autorizados como sedes del programa de servicio social por entidad federativa.<\/p>\n<p>[\/et_pb_text][et_pb_divider divider_weight=\u00bb0.2em\u00bb _builder_version=\u00bb4.5.0&#8243; _module_preset=\u00bbdefault\u00bb max_width=\u00bb100%\u00bb module_alignment=\u00bbcenter\u00bb min_height=\u00bb12.8px\u00bb custom_margin=\u00bb-6px||0%||false|false\u00bb custom_padding=\u00bb18px||0px|||\u00bb][\/et_pb_divider][et_pb_blurb title=\u00bbDocumentaci\u00f3n Requerida\u00bb content_max_width=\u00bb100%\u00bb _builder_version=\u00bb4.5.0&#8243; _module_preset=\u00bbdefault\u00bb header_font=\u00bb|700|||||||\u00bb header_text_align=\u00bbleft\u00bb header_text_color=\u00bb#9F2241&#8243; header_font_size=\u00bb2em\u00bb body_text_align=\u00bbleft\u00bb custom_margin=\u00bb||-1px|||\u00bb][\/et_pb_blurb][\/et_pb_column][\/et_pb_row][\/et_pb_section][et_pb_section fb_built=\u00bb1&#8243; _builder_version=\u00bb4.5.0&#8243; _module_preset=\u00bbdefault\u00bb custom_margin=\u00bb||4%||false|false\u00bb custom_padding=\u00bb0px||0px|18px|false|false\u00bb][et_pb_row column_structure=\u00bb1_4,1_4,1_4,1_4&#8243; _builder_version=\u00bb4.5.0&#8243; _module_preset=\u00bbdefault\u00bb width=\u00bb100%\u00bb max_width=\u00bb80%\u00bb min_height=\u00bb100%\u00bb custom_margin=\u00bb|auto|auto|auto|false|false\u00bb custom_padding=\u00bb18px||27px||false|false\u00bb locked=\u00bboff\u00bb][et_pb_column type=\u00bb1_4&#8243; _builder_version=\u00bb4.5.0&#8243; _module_preset=\u00bbdefault\u00bb][et_pb_button button_url=\u00bbhttps:\/\/drive.google.com\/drive\/folders\/1I5j10thYlpGVITrgNWNVsz3WqT0pkLYy?usp=share_link\u00bb button_text=\u00bbProcedimientos y Requisitos\u00bb button_alignment=\u00bbcenter\u00bb _builder_version=\u00bb4.5.0&#8243; _module_preset=\u00bbdefault\u00bb custom_button=\u00bbon\u00bb button_text_size=\u00bb1.5em\u00bb button_text_color=\u00bb#BCA986&#8243; button_bg_color=\u00bb#691C32&#8243; button_border_radius=\u00bb2em\u00bb button_letter_spacing=\u00bb0em\u00bb box_shadow_style=\u00bbpreset2&#8243; box_shadow_vertical=\u00bb17px\u00bb box_shadow_blur=\u00bb17px\u00bb][\/et_pb_button][\/et_pb_column][et_pb_column type=\u00bb1_4&#8243; _builder_version=\u00bb4.5.0&#8243; _module_preset=\u00bbdefault\u00bb][et_pb_button button_url=\u00bbhttps:\/\/drive.google.com\/drive\/folders\/1I5j10thYlpGVITrgNWNVsz3WqT0pkLYy?usp=share_link\u00bb button_text=\u00bbMarco Normativo\u00bb button_alignment=\u00bbcenter\u00bb _builder_version=\u00bb4.5.0&#8243; _module_preset=\u00bbdefault\u00bb custom_button=\u00bbon\u00bb button_text_size=\u00bb1.5em\u00bb button_text_color=\u00bb#BCA986&#8243; button_bg_color=\u00bb#691C32&#8243; button_border_radius=\u00bb2em\u00bb box_shadow_style=\u00bbpreset2&#8243; box_shadow_vertical=\u00bb17px\u00bb box_shadow_blur=\u00bb17px\u00bb][\/et_pb_button][\/et_pb_column][et_pb_column type=\u00bb1_4&#8243; _builder_version=\u00bb4.5.0&#8243; _module_preset=\u00bbdefault\u00bb][et_pb_button button_url=\u00bbhttps:\/\/drive.google.com\/drive\/folders\/1I5j10thYlpGVITrgNWNVsz3WqT0pkLYy?usp=share_link\u00bb button_text=\u00bbReglamento Interno de Servicio Social\u00bb button_alignment=\u00bbcenter\u00bb _builder_version=\u00bb4.5.0&#8243; _module_preset=\u00bbdefault\u00bb custom_button=\u00bbon\u00bb button_text_size=\u00bb1.5em\u00bb button_text_color=\u00bb#BCA986&#8243; button_bg_color=\u00bb#691C32&#8243; button_border_radius=\u00bb2em\u00bb box_shadow_style=\u00bbpreset2&#8243; box_shadow_vertical=\u00bb17px\u00bb box_shadow_blur=\u00bb17px\u00bb][\/et_pb_button][\/et_pb_column][et_pb_column type=\u00bb1_4&#8243; _builder_version=\u00bb4.5.0&#8243; _module_preset=\u00bbdefault\u00bb][et_pb_button button_url=\u00bbhttps:\/\/drive.google.com\/drive\/folders\/1I5j10thYlpGVITrgNWNVsz3WqT0pkLYy?usp=share_link\u00bb button_text=\u00bbProceso de Solicitud del No inconveniente\u00bb button_alignment=\u00bbcenter\u00bb _builder_version=\u00bb4.5.0&#8243; _module_preset=\u00bbdefault\u00bb custom_button=\u00bbon\u00bb button_text_size=\u00bb1.5em\u00bb button_text_color=\u00bb#BCA986&#8243; button_bg_color=\u00bb#691C32&#8243; button_border_radius=\u00bb2em\u00bb box_shadow_style=\u00bbpreset2&#8243; box_shadow_vertical=\u00bb17px\u00bb box_shadow_blur=\u00bb17px\u00bb][\/et_pb_button][\/et_pb_column][\/et_pb_row][\/et_pb_section]<\/p>\n","protected":false},"excerpt":{"rendered":"<p>[et_pb_section fb_built=\u00bb1&#8243; _builder_version=\u00bb4.5.0&#8243; _module_preset=\u00bbdefault\u00bb background_color=\u00bb#91293a\u00bb background_image=\u00bbhttps:\/\/salud.campeche.gob.mx\/wp-content\/uploads\/2022\/12\/fondorojo-1.jpg\u00bb width=\u00bb100%\u00bb max_width=\u00bb100%\u00bb min_height=\u00bb20%\u00bb height=\u00bb18%\u00bb max_height=\u00bb20%\u00bb custom_margin=\u00bb||0px||false|false\u00bb custom_padding=\u00bb||0px|||\u00bb][et_pb_row _builder_version=\u00bb4.5.0&#8243; _module_preset=\u00bbdefault\u00bb max_width=\u00bb100%\u00bb][et_pb_column type=\u00bb4_4&#8243; _builder_version=\u00bb4.5.0&#8243; _module_preset=\u00bbdefault\u00bb][et_pb_blurb title=\u00bbPrograma de Servicio Social de Carreras Afines\u00bb image=\u00bbhttps:\/\/salud.campeche.gob.mx\/wp-content\/uploads\/2023\/04\/carreras-afines-blanco.png\u00bb image_max_width=\u00bb5em\u00bb content_max_width=\u00bb25em\u00bb font_icon_tablet=\u00bb\u00bb font_icon_phone=\u00bb\u00bb font_icon_last_edited=\u00bbon|desktop\u00bb _builder_version=\u00bb4.5.0&#8243; _module_preset=\u00bbdefault\u00bb header_font=\u00bb|700|||||||\u00bb header_text_align=\u00bbcenter\u00bb header_text_color=\u00bb#ffffff\u00bb header_font_size=\u00bb2em\u00bb header_line_height=\u00bb1.5em\u00bb body_text_align=\u00bbcenter\u00bb body_text_color=\u00bbrgba(0,0,0,0)\u00bb body_font_size=\u00bb1.5em\u00bb body_line_height=\u00bb1.8em\u00bb text_orientation=\u00bbcenter\u00bb width=\u00bb100%\u00bb module_alignment=\u00bbright\u00bb min_height=\u00bb170.6px\u00bb custom_padding=\u00bb0px|||||\u00bb hover_enabled=\u00bb0&#8243; font_icon__hover_enabled=\u00bbon|desktop\u00bb title_text=\u00bbcarreras afines blanco\u00bb][\/et_pb_blurb][\/et_pb_column][\/et_pb_row][\/et_pb_section][et_pb_section fb_built=\u00bb1&#8243; _builder_version=\u00bb4.5.0&#8243; [&hellip;]<\/p>\n","protected":false},"author":2,"featured_media":0,"parent":0,"menu_order":0,"comment_status":"closed","ping_status":"closed","template":"","meta":{"_et_pb_use_builder":"on","_et_pb_old_content":"","_et_gb_content_width":"","footnotes":""},"class_list":["post-1392","page","type-page","status-publish","hentry"],"acf":[],"jetpack_sharing_enabled":true,"_links":{"self":[{"href":"https:\/\/salud.campeche.gob.mx\/index.php?rest_route=\/wp\/v2\/pages\/1392","targetHints":{"allow":["GET"]}}],"collection":[{"href":"https:\/\/salud.campeche.gob.mx\/index.php?rest_route=\/wp\/v2\/pages"}],"about":[{"href":"https:\/\/salud.campeche.gob.mx\/index.php?rest_route=\/wp\/v2\/types\/page"}],"author":[{"embeddable":true,"href":"https:\/\/salud.campeche.gob.mx\/index.php?rest_route=\/wp\/v2\/users\/2"}],"replies":[{"embeddable":true,"href":"https:\/\/salud.campeche.gob.mx\/index.php?rest_route=%2Fwp%2Fv2%2Fcomments&post=1392"}],"version-history":[{"count":8,"href":"https:\/\/salud.campeche.gob.mx\/index.php?rest_route=\/wp\/v2\/pages\/1392\/revisions"}],"predecessor-version":[{"id":1862,"href":"https:\/\/salud.campeche.gob.mx\/index.php?rest_route=\/wp\/v2\/pages\/1392\/revisions\/1862"}],"wp:attachment":[{"href":"https:\/\/salud.campeche.gob.mx\/index.php?rest_route=%2Fwp%2Fv2%2Fmedia&parent=1392"}],"curies":[{"name":"wp","href":"https:\/\/api.w.org\/{rel}","templated":true}]}}