{"id":1398,"date":"2023-04-01T19:34:01","date_gmt":"2023-04-01T19:34:01","guid":{"rendered":"https:\/\/salud.campeche.gob.mx\/?page_id=1398"},"modified":"2023-04-17T19:48:46","modified_gmt":"2023-04-17T19:48:46","slug":"vinculacion-educativa","status":"publish","type":"page","link":"https:\/\/salud.campeche.gob.mx\/?page_id=1398","title":{"rendered":"Vinculaci\u00f3n Educativa"},"content":{"rendered":"<p>[et_pb_section fb_built=\u00bb1&#8243; _builder_version=\u00bb4.5.0&#8243; _module_preset=\u00bbdefault\u00bb background_color=\u00bb#91293a\u00bb background_image=\u00bbhttps:\/\/salud.campeche.gob.mx\/wp-content\/uploads\/2022\/12\/fondorojo-1.jpg\u00bb width=\u00bb100%\u00bb max_width=\u00bb100%\u00bb min_height=\u00bb20%\u00bb height=\u00bb18%\u00bb max_height=\u00bb20%\u00bb custom_margin=\u00bb||0px||false|false\u00bb custom_padding=\u00bb||0px|||\u00bb][et_pb_row _builder_version=\u00bb4.5.0&#8243; _module_preset=\u00bbdefault\u00bb max_width=\u00bb100%\u00bb][et_pb_column type=\u00bb4_4&#8243; _builder_version=\u00bb4.5.0&#8243; _module_preset=\u00bbdefault\u00bb][et_pb_blurb title=\u00bbCoordinaci\u00f3n de Vinculaci\u00f3n Educativa\u00bb image=\u00bbhttps:\/\/salud.campeche.gob.mx\/wp-content\/uploads\/2023\/04\/vinculacion-educativa-blanco.png\u00bb image_max_width=\u00bb6em\u00bb content_max_width=\u00bb22em\u00bb font_icon_tablet=\u00bb\u00bb font_icon_phone=\u00bb\u00bb font_icon_last_edited=\u00bbon|desktop\u00bb _builder_version=\u00bb4.5.0&#8243; _module_preset=\u00bbdefault\u00bb header_font=\u00bb|700|||||||\u00bb header_text_align=\u00bbcenter\u00bb header_text_color=\u00bb#ffffff\u00bb header_font_size=\u00bb2em\u00bb header_line_height=\u00bb1.3em\u00bb body_text_align=\u00bbcenter\u00bb body_text_color=\u00bbrgba(0,0,0,0)\u00bb body_font_size=\u00bb1.5em\u00bb body_line_height=\u00bb1.8em\u00bb text_orientation=\u00bbcenter\u00bb width=\u00bb100%\u00bb module_alignment=\u00bbright\u00bb min_height=\u00bb170.6px\u00bb custom_padding=\u00bb0px|||||\u00bb hover_enabled=\u00bb0&#8243; font_icon__hover_enabled=\u00bbon|desktop\u00bb title_text=\u00bbvinculacion educativa blanco\u00bb][\/et_pb_blurb][\/et_pb_column][\/et_pb_row][\/et_pb_section][et_pb_section fb_built=\u00bb1&#8243; _builder_version=\u00bb4.5.0&#8243; _module_preset=\u00bbdefault\u00bb custom_margin=\u00bb||4%||false|false\u00bb custom_padding=\u00bb0px||0px|18px|false|false\u00bb][et_pb_row _builder_version=\u00bb4.5.0&#8243; _module_preset=\u00bbdefault\u00bb max_width=\u00bb80%\u00bb min_height=\u00bb100%\u00bb custom_margin=\u00bb|auto|auto|auto|false|false\u00bb custom_padding=\u00bb||2px||false|false\u00bb][et_pb_column type=\u00bb4_4&#8243; _builder_version=\u00bb4.5.0&#8243; _module_preset=\u00bbdefault\u00bb][et_pb_blurb title=\u00bb\u00bfQu\u00e9 es la Coordinaci\u00f3n de Vinculaci\u00f3n Educativa?\u00bb content_max_width=\u00bb100%\u00bb _builder_version=\u00bb4.5.0&#8243; _module_preset=\u00bbdefault\u00bb header_font=\u00bb|700|||||||\u00bb header_text_align=\u00bbleft\u00bb header_text_color=\u00bb#9F2241&#8243; header_font_size=\u00bb2em\u00bb body_text_align=\u00bbleft\u00bb custom_margin=\u00bb||auto||false|false\u00bb custom_padding=\u00bb2px|||||\u00bb][\/et_pb_blurb][et_pb_text _builder_version=\u00bb4.5.0&#8243; _module_preset=\u00bbdefault\u00bb text_text_color=\u00bb#000000&#8243; text_font_size=\u00bb1em\u00bb text_orientation=\u00bbjustified\u00bb custom_margin=\u00bb||auto||false|false\u00bb custom_padding=\u00bb||1em||false|false\u00bb]<\/p>\n<p>La Coordinaci\u00f3n de vinculaci\u00f3n educativa, es una coordinaci\u00f3n adscrita a la Subdirecci\u00f3n de Ense\u00f1anza e Investigaci\u00f3n en Salud, cuyo prop\u00f3sito es establecer y consolidar convenios educativos entre la Secretar\u00eda de Salud y diversas instituciones y organizaciones no gubernamentales locales, regionales, nacionales e internacionales, para lo cual trabaja de manera coordinada con la Subdirecci\u00f3n de Asuntos Jur\u00eddicos.<\/p>\n<p>[\/et_pb_text][et_pb_divider divider_weight=\u00bb0.2em\u00bb _builder_version=\u00bb4.5.0&#8243; _module_preset=\u00bbdefault\u00bb max_width=\u00bb100%\u00bb module_alignment=\u00bbcenter\u00bb custom_margin=\u00bb||0%||false|false\u00bb][\/et_pb_divider][et_pb_blurb title=\u00bbActividades\u00bb content_max_width=\u00bb100%\u00bb _builder_version=\u00bb4.5.0&#8243; _module_preset=\u00bbdefault\u00bb header_font=\u00bb|700|||||||\u00bb header_text_align=\u00bbleft\u00bb header_text_color=\u00bb#9F2241&#8243; header_font_size=\u00bb2em\u00bb body_text_align=\u00bbleft\u00bb custom_margin=\u00bb||-1px|||\u00bb][\/et_pb_blurb][et_pb_text _builder_version=\u00bb4.5.0&#8243; _module_preset=\u00bbdefault\u00bb text_text_color=\u00bb#000000&#8243; text_font_size=\u00bb1em\u00bb text_orientation=\u00bbjustified\u00bb custom_margin=\u00bb||auto||false|false\u00bb custom_padding=\u00bb||0px||false|false\u00bb]<\/p>\n<p><strong>Las actividades de la coordinaci\u00f3n son:<\/strong><\/p>\n<ol>\n<li style=\"padding-left: 60px;\">Establecer contacto con las instituciones con las que se solicitan convenios y<\/li>\n<li style=\"padding-left: 60px;\">Consolidar convenios educativos.<\/li>\n<\/ol>\n<p>[\/et_pb_text][et_pb_divider divider_weight=\u00bb0.2em\u00bb _builder_version=\u00bb4.5.0&#8243; _module_preset=\u00bbdefault\u00bb max_width=\u00bb100%\u00bb module_alignment=\u00bbcenter\u00bb min_height=\u00bb18.8px\u00bb custom_margin=\u00bb-6px||0%||false|false\u00bb custom_padding=\u00bb19px||22px|||\u00bb][\/et_pb_divider][et_pb_blurb title=\u00bbObjetivo\u00bb content_max_width=\u00bb100%\u00bb _builder_version=\u00bb4.5.0&#8243; _module_preset=\u00bbdefault\u00bb header_font=\u00bb|700|||||||\u00bb header_text_align=\u00bbleft\u00bb header_text_color=\u00bb#9F2241&#8243; header_font_size=\u00bb2em\u00bb body_text_align=\u00bbleft\u00bb custom_margin=\u00bb-36px||-1px|||\u00bb][\/et_pb_blurb][et_pb_text _builder_version=\u00bb4.5.0&#8243; _module_preset=\u00bbdefault\u00bb text_text_color=\u00bb#000000&#8243; text_font_size=\u00bb1em\u00bb text_orientation=\u00bbjustified\u00bb custom_margin=\u00bb||auto||false|false\u00bb custom_padding=\u00bb||0px||false|false\u00bb]<\/p>\n<p>Generar oportunidades al establecer una vinculaci\u00f3n formal y consolidar convenios con las diversas instituciones educativas y asistenciales, as\u00ed como organizaciones no gubernamentales tanto del \u00e1mbito nacional como del internacional.<\/p>\n<p>La v\u00eda para generar v\u00ednculos de colaboraci\u00f3n con el INDESALUD es a trav\u00e9s de la elaboraci\u00f3n y firma de convenios, actualmente se tiene 91 convenios suscritos.<\/p>\n<p>[\/et_pb_text][\/et_pb_column][\/et_pb_row][\/et_pb_section][et_pb_section fb_built=\u00bb1&#8243; _builder_version=\u00bb4.5.0&#8243; _module_preset=\u00bbdefault\u00bb custom_margin=\u00bb||4%||false|false\u00bb custom_padding=\u00bb0px||0px|18px|false|false\u00bb][et_pb_row _builder_version=\u00bb4.5.0&#8243; _module_preset=\u00bbdefault\u00bb width=\u00bb100%\u00bb max_width=\u00bb80%\u00bb min_height=\u00bb100%\u00bb custom_margin=\u00bb|auto|auto|auto|false|false\u00bb custom_padding=\u00bb5px||2px||false|false\u00bb][et_pb_column type=\u00bb4_4&#8243; _builder_version=\u00bb4.5.0&#8243; _module_preset=\u00bbdefault\u00bb][et_pb_button button_url=\u00bbhttps:\/\/drive.google.com\/drive\/folders\/1TnGKAblhvA5Bx3eTH0qsmanHR-PKHOKo?usp=share_link\u00bb button_text=\u00bbGu\u00eda para la elaboraci\u00f3n de Convenios\u00bb button_alignment=\u00bbcenter\u00bb _builder_version=\u00bb4.5.0&#8243; _module_preset=\u00bbdefault\u00bb custom_button=\u00bbon\u00bb button_text_size=\u00bb1.5em\u00bb button_text_color=\u00bb#BCA986&#8243; button_bg_color=\u00bb#691C32&#8243; button_border_radius=\u00bb2em\u00bb button_letter_spacing=\u00bb0em\u00bb box_shadow_style=\u00bbpreset2&#8243; box_shadow_vertical=\u00bb17px\u00bb box_shadow_blur=\u00bb17px\u00bb][\/et_pb_button][\/et_pb_column][\/et_pb_row][\/et_pb_section]<\/p>\n","protected":false},"excerpt":{"rendered":"<p>[et_pb_section fb_built=\u00bb1&#8243; _builder_version=\u00bb4.5.0&#8243; _module_preset=\u00bbdefault\u00bb background_color=\u00bb#91293a\u00bb background_image=\u00bbhttps:\/\/salud.campeche.gob.mx\/wp-content\/uploads\/2022\/12\/fondorojo-1.jpg\u00bb width=\u00bb100%\u00bb max_width=\u00bb100%\u00bb min_height=\u00bb20%\u00bb height=\u00bb18%\u00bb max_height=\u00bb20%\u00bb custom_margin=\u00bb||0px||false|false\u00bb custom_padding=\u00bb||0px|||\u00bb][et_pb_row _builder_version=\u00bb4.5.0&#8243; _module_preset=\u00bbdefault\u00bb max_width=\u00bb100%\u00bb][et_pb_column type=\u00bb4_4&#8243; _builder_version=\u00bb4.5.0&#8243; _module_preset=\u00bbdefault\u00bb][et_pb_blurb title=\u00bbCoordinaci\u00f3n de Vinculaci\u00f3n Educativa\u00bb image=\u00bbhttps:\/\/salud.campeche.gob.mx\/wp-content\/uploads\/2023\/04\/vinculacion-educativa-blanco.png\u00bb image_max_width=\u00bb6em\u00bb content_max_width=\u00bb22em\u00bb font_icon_tablet=\u00bb\u00bb font_icon_phone=\u00bb\u00bb font_icon_last_edited=\u00bbon|desktop\u00bb _builder_version=\u00bb4.5.0&#8243; _module_preset=\u00bbdefault\u00bb header_font=\u00bb|700|||||||\u00bb header_text_align=\u00bbcenter\u00bb header_text_color=\u00bb#ffffff\u00bb header_font_size=\u00bb2em\u00bb header_line_height=\u00bb1.3em\u00bb body_text_align=\u00bbcenter\u00bb body_text_color=\u00bbrgba(0,0,0,0)\u00bb body_font_size=\u00bb1.5em\u00bb body_line_height=\u00bb1.8em\u00bb text_orientation=\u00bbcenter\u00bb width=\u00bb100%\u00bb module_alignment=\u00bbright\u00bb min_height=\u00bb170.6px\u00bb custom_padding=\u00bb0px|||||\u00bb hover_enabled=\u00bb0&#8243; font_icon__hover_enabled=\u00bbon|desktop\u00bb title_text=\u00bbvinculacion educativa blanco\u00bb][\/et_pb_blurb][\/et_pb_column][\/et_pb_row][\/et_pb_section][et_pb_section fb_built=\u00bb1&#8243; _builder_version=\u00bb4.5.0&#8243; _module_preset=\u00bbdefault\u00bb custom_margin=\u00bb||4%||false|false\u00bb custom_padding=\u00bb0px||0px|18px|false|false\u00bb][et_pb_row [&hellip;]<\/p>\n","protected":false},"author":2,"featured_media":0,"parent":0,"menu_order":0,"comment_status":"closed","ping_status":"closed","template":"","meta":{"_et_pb_use_builder":"on","_et_pb_old_content":"","_et_gb_content_width":"","footnotes":""},"class_list":["post-1398","page","type-page","status-publish","hentry"],"acf":[],"jetpack_sharing_enabled":true,"_links":{"self":[{"href":"https:\/\/salud.campeche.gob.mx\/index.php?rest_route=\/wp\/v2\/pages\/1398","targetHints":{"allow":["GET"]}}],"collection":[{"href":"https:\/\/salud.campeche.gob.mx\/index.php?rest_route=\/wp\/v2\/pages"}],"about":[{"href":"https:\/\/salud.campeche.gob.mx\/index.php?rest_route=\/wp\/v2\/types\/page"}],"author":[{"embeddable":true,"href":"https:\/\/salud.campeche.gob.mx\/index.php?rest_route=\/wp\/v2\/users\/2"}],"replies":[{"embeddable":true,"href":"https:\/\/salud.campeche.gob.mx\/index.php?rest_route=%2Fwp%2Fv2%2Fcomments&post=1398"}],"version-history":[{"count":6,"href":"https:\/\/salud.campeche.gob.mx\/index.php?rest_route=\/wp\/v2\/pages\/1398\/revisions"}],"predecessor-version":[{"id":1869,"href":"https:\/\/salud.campeche.gob.mx\/index.php?rest_route=\/wp\/v2\/pages\/1398\/revisions\/1869"}],"wp:attachment":[{"href":"https:\/\/salud.campeche.gob.mx\/index.php?rest_route=%2Fwp%2Fv2%2Fmedia&parent=1398"}],"curies":[{"name":"wp","href":"https:\/\/api.w.org\/{rel}","templated":true}]}}