{"id":1404,"date":"2023-04-01T19:39:25","date_gmt":"2023-04-01T19:39:25","guid":{"rendered":"https:\/\/salud.campeche.gob.mx\/?page_id=1404"},"modified":"2023-04-17T19:46:11","modified_gmt":"2023-04-17T19:46:11","slug":"internado-medico","status":"publish","type":"page","link":"https:\/\/salud.campeche.gob.mx\/?page_id=1404","title":{"rendered":"Internado M\u00e9dico"},"content":{"rendered":"<p>[et_pb_section fb_built=\u00bb1&#8243; _builder_version=\u00bb4.5.0&#8243; _module_preset=\u00bbdefault\u00bb background_color=\u00bb#91293a\u00bb background_image=\u00bbhttps:\/\/salud.campeche.gob.mx\/wp-content\/uploads\/2022\/12\/fondorojo-1.jpg\u00bb width=\u00bb100%\u00bb max_width=\u00bb100%\u00bb min_height=\u00bb20%\u00bb height=\u00bb18%\u00bb max_height=\u00bb20%\u00bb custom_margin=\u00bb||0px||false|false\u00bb custom_padding=\u00bb||0px|||\u00bb][et_pb_row _builder_version=\u00bb4.5.0&#8243; _module_preset=\u00bbdefault\u00bb max_width=\u00bb100%\u00bb][et_pb_column type=\u00bb4_4&#8243; _builder_version=\u00bb4.5.0&#8243; _module_preset=\u00bbdefault\u00bb][et_pb_blurb title=\u00bbInternado M\u00e9dico\u00bb image=\u00bbhttps:\/\/salud.campeche.gob.mx\/wp-content\/uploads\/2023\/04\/pregrado-medico-blanco.png\u00bb image_max_width=\u00bb4em\u00bb content_max_width=\u00bb21em\u00bb font_icon_tablet=\u00bb\u00bb font_icon_phone=\u00bb\u00bb font_icon_last_edited=\u00bbon|desktop\u00bb _builder_version=\u00bb4.5.0&#8243; _module_preset=\u00bbdefault\u00bb header_font=\u00bb|700|||||||\u00bb header_text_align=\u00bbcenter\u00bb header_text_color=\u00bb#ffffff\u00bb header_font_size=\u00bb2em\u00bb header_line_height=\u00bb1.5em\u00bb body_text_align=\u00bbcenter\u00bb body_text_color=\u00bbrgba(0,0,0,0)\u00bb body_font_size=\u00bb1.5em\u00bb body_line_height=\u00bb1.8em\u00bb text_orientation=\u00bbcenter\u00bb width=\u00bb100%\u00bb module_alignment=\u00bbright\u00bb min_height=\u00bb170.6px\u00bb custom_padding=\u00bb0px|||||\u00bb hover_enabled=\u00bb0&#8243; font_icon__hover_enabled=\u00bbon|desktop\u00bb title_text=\u00bbpregrado medico blanco\u00bb][\/et_pb_blurb][\/et_pb_column][\/et_pb_row][\/et_pb_section][et_pb_section fb_built=\u00bb1&#8243; _builder_version=\u00bb4.5.0&#8243; _module_preset=\u00bbdefault\u00bb custom_margin=\u00bb||4%||false|false\u00bb custom_padding=\u00bb0px||0px|18px|false|false\u00bb][et_pb_row _builder_version=\u00bb4.5.0&#8243; _module_preset=\u00bbdefault\u00bb max_width=\u00bb80%\u00bb min_height=\u00bb100%\u00bb custom_margin=\u00bb|auto|auto|auto|false|false\u00bb custom_padding=\u00bb||2px||false|false\u00bb][et_pb_column type=\u00bb4_4&#8243; _builder_version=\u00bb4.5.0&#8243; _module_preset=\u00bbdefault\u00bb][et_pb_blurb title=\u00bb\u00bfQu\u00e9 es el internado M\u00e9dico?\u00bb content_max_width=\u00bb100%\u00bb _builder_version=\u00bb4.5.0&#8243; _module_preset=\u00bbdefault\u00bb header_font=\u00bb|700|||||||\u00bb header_text_align=\u00bbleft\u00bb header_text_color=\u00bb#9F2241&#8243; header_font_size=\u00bb2em\u00bb body_text_align=\u00bbleft\u00bb custom_margin=\u00bb||auto||false|false\u00bb custom_padding=\u00bb2px|||||\u00bb][\/et_pb_blurb][et_pb_text _builder_version=\u00bb4.5.0&#8243; _module_preset=\u00bbdefault\u00bb text_text_color=\u00bb#000000&#8243; text_font_size=\u00bb1em\u00bb text_orientation=\u00bbjustified\u00bb custom_margin=\u00bb||auto||false|false\u00bb custom_padding=\u00bb||1em||false|false\u00bb]<\/p>\n<p>El internado m\u00e9dico es \u00a0el ciclo acad\u00e9mico te\u00f3rico-pr\u00e1ctico que se desarrolla en campos cl\u00ednicos y forma parte del plan de estudios de la licenciatura en medicina, representa una etapa esencial en la formaci\u00f3n de los m\u00e9dicos por lo que es indispensable fortalecer los servicios de atenci\u00f3n m\u00e9dica, en los establecimientos para la atenci\u00f3n m\u00e9dica en los que desarrollen este ciclo formativo, los cuales deben contar con los recursos f\u00edsicos, humanos y materiales que garanticen que el proceso de ense\u00f1anza aprendizaje se desarrollara con garant\u00eda de respeto y seguridad para los pacientes e internos.<\/p>\n<p>[\/et_pb_text][et_pb_divider divider_weight=\u00bb0.2em\u00bb _builder_version=\u00bb4.5.0&#8243; _module_preset=\u00bbdefault\u00bb max_width=\u00bb100%\u00bb module_alignment=\u00bbcenter\u00bb custom_margin=\u00bb||0%||false|false\u00bb][\/et_pb_divider][et_pb_blurb title=\u00bbServicio Social\u00bb content_max_width=\u00bb100%\u00bb _builder_version=\u00bb4.5.0&#8243; _module_preset=\u00bbdefault\u00bb header_font=\u00bb|700|||||||\u00bb header_text_align=\u00bbleft\u00bb header_text_color=\u00bb#9F2241&#8243; header_font_size=\u00bb2em\u00bb body_text_align=\u00bbleft\u00bb custom_margin=\u00bb||-1px|||\u00bb][\/et_pb_blurb][et_pb_text _builder_version=\u00bb4.5.0&#8243; _module_preset=\u00bbdefault\u00bb text_text_color=\u00bb#000000&#8243; text_font_size=\u00bb1em\u00bb text_orientation=\u00bbjustified\u00bb custom_margin=\u00bb||auto||false|false\u00bb custom_padding=\u00bb||0px||false|false\u00bb]<\/p>\n<p><strong>Prop\u00f3sitos del Servicio Social de Internado M\u00e9dico.<\/strong><\/p>\n<ul>\n<li>Desarrollo de habilidades y destrezas en el recurso humano en formaci\u00f3n dentro de un ambiente hospitalario.<\/li>\n<li>Contacto del alumno con los servicios de un segundo nivel de atenci\u00f3n.<\/li>\n<li>Rotaci\u00f3n bimestral del alumno en cada uno de las 5 especialidades b\u00e1sicas: Medicina Interna, Medicina Familiar, Urgencias, Pediatr\u00eda, Ginecoobstetricia y Cirug\u00eda General.<\/li>\n<\/ul>\n<p>[\/et_pb_text][et_pb_text _builder_version=\u00bb4.5.0&#8243; _module_preset=\u00bbdefault\u00bb text_text_color=\u00bb#000000&#8243; text_font_size=\u00bb1em\u00bb text_orientation=\u00bbjustified\u00bb custom_margin=\u00bb||auto||false|false\u00bb custom_padding=\u00bb0px||||false|false\u00bb]<\/p>\n<p><strong>Periodos de internado de pregrado.<\/strong><\/p>\n<ul>\n<li>Doce meses, iniciando los d\u00edas primero de enero y julio de cada a\u00f1o.<\/li>\n<\/ul>\n<p>[\/et_pb_text][et_pb_text _builder_version=\u00bb4.5.0&#8243; _module_preset=\u00bbdefault\u00bb text_text_color=\u00bb#000000&#8243; text_font_size=\u00bb1em\u00bb text_orientation=\u00bbjustified\u00bb custom_margin=\u00bb||auto||false|false\u00bb custom_padding=\u00bb0px||||false|false\u00bb]<\/p>\n<p><strong>Modalidad.<\/strong><\/p>\n<ul>\n<li>En los Servicios Estatales de Salud la \u00fanica modalidad para realizaci\u00f3n del Servicio Social es de car\u00e1cter <strong>presencial<\/strong>.<\/li>\n<\/ul>\n<p>[\/et_pb_text][et_pb_text _builder_version=\u00bb4.5.0&#8243; _module_preset=\u00bbdefault\u00bb text_text_color=\u00bb#000000&#8243; text_font_size=\u00bb1em\u00bb text_orientation=\u00bbjustified\u00bb custom_margin=\u00bb||auto||false|false\u00bb custom_padding=\u00bb0px||||false|false\u00bb]<\/p>\n<p><strong>Sedes.<\/strong><\/p>\n<p>El servicio Social de Medicina en los Servicios Estatales de Salud puede realizarse de car\u00e1cter exclusivo en las siguientes sedes:<\/p>\n<ul>\n<li><strong>Hospitales de Segundo Nivel y\/o tercer nivel de atenci\u00f3n.<\/strong><\/li>\n<\/ul>\n<p>[\/et_pb_text][et_pb_divider divider_weight=\u00bb0.2em\u00bb _builder_version=\u00bb4.5.0&#8243; _module_preset=\u00bbdefault\u00bb max_width=\u00bb100%\u00bb module_alignment=\u00bbcenter\u00bb min_height=\u00bb12.8px\u00bb custom_margin=\u00bb-6px||0%||false|false\u00bb custom_padding=\u00bb||4px|||\u00bb][\/et_pb_divider][et_pb_blurb title=\u00bbDocumentaci\u00f3n Requerida\u00bb content_max_width=\u00bb100%\u00bb _builder_version=\u00bb4.5.0&#8243; _module_preset=\u00bbdefault\u00bb header_font=\u00bb|700|||||||\u00bb header_text_align=\u00bbleft\u00bb header_text_color=\u00bb#9F2241&#8243; header_font_size=\u00bb2em\u00bb body_text_align=\u00bbleft\u00bb custom_margin=\u00bb||-1px|||\u00bb][\/et_pb_blurb][et_pb_text _builder_version=\u00bb4.5.0&#8243; _module_preset=\u00bbdefault\u00bb text_text_color=\u00bb#000000&#8243; text_font_size=\u00bb1em\u00bb text_orientation=\u00bbjustified\u00bb custom_margin=\u00bb||auto||false|false\u00bb custom_padding=\u00bb||0px||false|false\u00bb]<\/p>\n<ol>\n<li style=\"padding-left: 30px;\">Historial Acad\u00e9mico. (1 copias legible).<\/li>\n<li style=\"padding-left: 30px;\">Acta de Nacimiento (2 copias legibles).<\/li>\n<li style=\"padding-left: 30px;\">CURP. (2 copias formato vigente).<\/li>\n<li style=\"padding-left: 30px;\">Constancia de Situaci\u00f3n Fiscal (2 copias formato vigente).<\/li>\n<li style=\"padding-left: 30px;\">INE. (2 copias legibles).<\/li>\n<li style=\"padding-left: 30px;\">Comprobante de Domicilio. (Recibo de luz vigente) (2 copias legibles).<\/li>\n<li style=\"padding-left: 30px;\">Certificado M\u00e9dico<\/li>\n<li style=\"padding-left: 30px;\">Fotograf\u00edas: 4 infantil (blanco y negro, vestimenta formal).<\/li>\n<li style=\"padding-left: 30px;\">Oficio de Presentaci\u00f3n de la Instituci\u00f3n Educativa. (2 copias legibles).<\/li>\n<\/ol>\n<p>[\/et_pb_text][et_pb_text _builder_version=\u00bb4.5.0&#8243; _module_preset=\u00bbdefault\u00bb text_text_color=\u00bb#000000&#8243; text_font_size=\u00bb1em\u00bb text_orientation=\u00bbjustified\u00bb custom_margin=\u00bb||auto||false|false\u00bb custom_padding=\u00bb||0px||false|false\u00bb]<\/p>\n<p><strong>Criterios de Liberaci\u00f3n Internado M\u00e9dico<\/strong><strong>.<\/strong><\/p>\n<ul>\n<li>Aprobaci\u00f3n con calificaci\u00f3n aprobatoria de 8.0 cada una de las 5 rotaciones bimestrales efectuadas en la unidad de adscripci\u00f3n.<\/li>\n<\/ul>\n<p>[\/et_pb_text][et_pb_text _builder_version=\u00bb4.5.0&#8243; _module_preset=\u00bbdefault\u00bb text_text_color=\u00bb#000000&#8243; text_font_size=\u00bb1em\u00bb text_orientation=\u00bbjustified\u00bb custom_margin=\u00bb||auto||false|false\u00bb custom_padding=\u00bb||0px||false|false\u00bb]<\/p>\n<p><strong>Otorgamiento de Campos Cl\u00ednicos.<\/strong><\/p>\n<p>El otorgamiento de Campos Cl\u00ednicos en los Servicios Estatales de Salud, se realiza de manera <strong>exclusiva <\/strong>a trav\u00e9s de las Facultades de Medicina del Estado, en el marco de un Evento P\u00fablico, que se rige bajo la modalidad de calificaciones, siendo el alumno con mayor promedio el primero en elegir sede y progresivamente cada alumno realiza la selecci\u00f3n correspondiente.<\/p>\n<p>De igual modo se efect\u00faa otorgamiento de hasta m\u00e1ximo dos plazas for\u00e1neas en el a\u00f1o bajo la modalidad de Carta de Instancia que emiten los Servicios Estatales de Salud de otros estados bajo solicitud de Instituciones Educativas Correspondientes.<\/p>\n<p>\u00a0Es importante se\u00f1alar que las solicitudes fuera de estas modalidades, se consideran no procedentes en el otorgamiento de campos cl\u00ednicos.<\/p>\n<p>[\/et_pb_text][\/et_pb_column][\/et_pb_row][\/et_pb_section][et_pb_section fb_built=\u00bb1&#8243; _builder_version=\u00bb4.5.0&#8243; _module_preset=\u00bbdefault\u00bb custom_margin=\u00bb||4%||false|false\u00bb custom_padding=\u00bb0px||0px|18px|false|false\u00bb][et_pb_row column_structure=\u00bb1_3,1_3,1_3&#8243; _builder_version=\u00bb4.5.0&#8243; _module_preset=\u00bbdefault\u00bb width=\u00bb100%\u00bb max_width=\u00bb80%\u00bb min_height=\u00bb100%\u00bb custom_margin=\u00bb|auto|auto|auto|false|false\u00bb custom_padding=\u00bb5px||2px||false|false\u00bb][et_pb_column type=\u00bb1_3&#8243; _builder_version=\u00bb4.5.0&#8243; _module_preset=\u00bbdefault\u00bb][et_pb_button button_url=\u00bbhttps:\/\/drive.google.com\/drive\/folders\/1rvvoOQ83iemP-4WE06Kt83793Aue2ofM?usp=share_link\u00bb button_text=\u00bbMarco Normativo\u00bb button_alignment=\u00bbcenter\u00bb _builder_version=\u00bb4.5.0&#8243; _module_preset=\u00bbdefault\u00bb custom_button=\u00bbon\u00bb button_text_size=\u00bb1.5em\u00bb button_text_color=\u00bb#BCA986&#8243; button_bg_color=\u00bb#691C32&#8243; button_border_radius=\u00bb2em\u00bb button_letter_spacing=\u00bb0em\u00bb box_shadow_style=\u00bbpreset2&#8243; box_shadow_vertical=\u00bb17px\u00bb box_shadow_blur=\u00bb17px\u00bb][\/et_pb_button][\/et_pb_column][et_pb_column type=\u00bb1_3&#8243; _builder_version=\u00bb4.5.0&#8243; _module_preset=\u00bbdefault\u00bb][et_pb_button button_url=\u00bbhttps:\/\/drive.google.com\/drive\/folders\/1rvvoOQ83iemP-4WE06Kt83793Aue2ofM?usp=share_link\u00bb button_text=\u00bbReglamento INDESALUD para Internado de pregrado\u00bb button_alignment=\u00bbcenter\u00bb _builder_version=\u00bb4.5.0&#8243; _module_preset=\u00bbdefault\u00bb custom_button=\u00bbon\u00bb button_text_size=\u00bb1.5em\u00bb button_text_color=\u00bb#BCA986&#8243; button_bg_color=\u00bb#691C32&#8243; button_border_radius=\u00bb2em\u00bb box_shadow_style=\u00bbpreset2&#8243; box_shadow_vertical=\u00bb17px\u00bb box_shadow_blur=\u00bb17px\u00bb][\/et_pb_button][\/et_pb_column][et_pb_column type=\u00bb1_3&#8243; _builder_version=\u00bb4.5.0&#8243; _module_preset=\u00bbdefault\u00bb][et_pb_button button_url=\u00bbhttps:\/\/drive.google.com\/drive\/folders\/1rvvoOQ83iemP-4WE06Kt83793Aue2ofM?usp=share_link\u00bb button_text=\u00bbProceso de Solicitud de Carta de Instancia\u00bb button_alignment=\u00bbcenter\u00bb _builder_version=\u00bb4.5.0&#8243; _module_preset=\u00bbdefault\u00bb custom_button=\u00bbon\u00bb button_text_size=\u00bb1.5em\u00bb button_text_color=\u00bb#BCA986&#8243; button_bg_color=\u00bb#691C32&#8243; button_border_radius=\u00bb2em\u00bb box_shadow_style=\u00bbpreset2&#8243; box_shadow_vertical=\u00bb17px\u00bb box_shadow_blur=\u00bb17px\u00bb][\/et_pb_button][\/et_pb_column][\/et_pb_row][\/et_pb_section]<\/p>\n","protected":false},"excerpt":{"rendered":"<p>[et_pb_section fb_built=\u00bb1&#8243; _builder_version=\u00bb4.5.0&#8243; _module_preset=\u00bbdefault\u00bb background_color=\u00bb#91293a\u00bb background_image=\u00bbhttps:\/\/salud.campeche.gob.mx\/wp-content\/uploads\/2022\/12\/fondorojo-1.jpg\u00bb width=\u00bb100%\u00bb max_width=\u00bb100%\u00bb min_height=\u00bb20%\u00bb height=\u00bb18%\u00bb max_height=\u00bb20%\u00bb custom_margin=\u00bb||0px||false|false\u00bb custom_padding=\u00bb||0px|||\u00bb][et_pb_row _builder_version=\u00bb4.5.0&#8243; _module_preset=\u00bbdefault\u00bb max_width=\u00bb100%\u00bb][et_pb_column type=\u00bb4_4&#8243; _builder_version=\u00bb4.5.0&#8243; _module_preset=\u00bbdefault\u00bb][et_pb_blurb title=\u00bbInternado M\u00e9dico\u00bb image=\u00bbhttps:\/\/salud.campeche.gob.mx\/wp-content\/uploads\/2023\/04\/pregrado-medico-blanco.png\u00bb image_max_width=\u00bb4em\u00bb content_max_width=\u00bb21em\u00bb font_icon_tablet=\u00bb\u00bb font_icon_phone=\u00bb\u00bb font_icon_last_edited=\u00bbon|desktop\u00bb _builder_version=\u00bb4.5.0&#8243; _module_preset=\u00bbdefault\u00bb header_font=\u00bb|700|||||||\u00bb header_text_align=\u00bbcenter\u00bb header_text_color=\u00bb#ffffff\u00bb header_font_size=\u00bb2em\u00bb header_line_height=\u00bb1.5em\u00bb body_text_align=\u00bbcenter\u00bb body_text_color=\u00bbrgba(0,0,0,0)\u00bb body_font_size=\u00bb1.5em\u00bb body_line_height=\u00bb1.8em\u00bb text_orientation=\u00bbcenter\u00bb width=\u00bb100%\u00bb module_alignment=\u00bbright\u00bb min_height=\u00bb170.6px\u00bb custom_padding=\u00bb0px|||||\u00bb hover_enabled=\u00bb0&#8243; font_icon__hover_enabled=\u00bbon|desktop\u00bb title_text=\u00bbpregrado medico blanco\u00bb][\/et_pb_blurb][\/et_pb_column][\/et_pb_row][\/et_pb_section][et_pb_section fb_built=\u00bb1&#8243; _builder_version=\u00bb4.5.0&#8243; _module_preset=\u00bbdefault\u00bb custom_margin=\u00bb||4%||false|false\u00bb custom_padding=\u00bb0px||0px|18px|false|false\u00bb][et_pb_row _builder_version=\u00bb4.5.0&#8243; _module_preset=\u00bbdefault\u00bb [&hellip;]<\/p>\n","protected":false},"author":2,"featured_media":0,"parent":0,"menu_order":0,"comment_status":"closed","ping_status":"closed","template":"","meta":{"_et_pb_use_builder":"on","_et_pb_old_content":"","_et_gb_content_width":"","footnotes":""},"class_list":["post-1404","page","type-page","status-publish","hentry"],"acf":[],"jetpack_sharing_enabled":true,"_links":{"self":[{"href":"https:\/\/salud.campeche.gob.mx\/index.php?rest_route=\/wp\/v2\/pages\/1404","targetHints":{"allow":["GET"]}}],"collection":[{"href":"https:\/\/salud.campeche.gob.mx\/index.php?rest_route=\/wp\/v2\/pages"}],"about":[{"href":"https:\/\/salud.campeche.gob.mx\/index.php?rest_route=\/wp\/v2\/types\/page"}],"author":[{"embeddable":true,"href":"https:\/\/salud.campeche.gob.mx\/index.php?rest_route=\/wp\/v2\/users\/2"}],"replies":[{"embeddable":true,"href":"https:\/\/salud.campeche.gob.mx\/index.php?rest_route=%2Fwp%2Fv2%2Fcomments&post=1404"}],"version-history":[{"count":6,"href":"https:\/\/salud.campeche.gob.mx\/index.php?rest_route=\/wp\/v2\/pages\/1404\/revisions"}],"predecessor-version":[{"id":1867,"href":"https:\/\/salud.campeche.gob.mx\/index.php?rest_route=\/wp\/v2\/pages\/1404\/revisions\/1867"}],"wp:attachment":[{"href":"https:\/\/salud.campeche.gob.mx\/index.php?rest_route=%2Fwp%2Fv2%2Fmedia&parent=1404"}],"curies":[{"name":"wp","href":"https:\/\/api.w.org\/{rel}","templated":true}]}}