{"id":1596,"date":"2023-04-04T17:15:31","date_gmt":"2023-04-04T17:15:31","guid":{"rendered":"https:\/\/salud.campeche.gob.mx\/?page_id=1596"},"modified":"2023-04-04T21:10:17","modified_gmt":"2023-04-04T21:10:17","slug":"rabia-otras-zoonosis","status":"publish","type":"page","link":"https:\/\/salud.campeche.gob.mx\/?page_id=1596","title":{"rendered":"Rabia Otras Zoonosis"},"content":{"rendered":"<p>[et_pb_section fb_built=\u00bb1&#8243; _builder_version=\u00bb4.5.0&#8243; _module_preset=\u00bbdefault\u00bb background_color=\u00bb#91293a\u00bb background_image=\u00bbhttps:\/\/salud.campeche.gob.mx\/wp-content\/uploads\/2022\/12\/fondorojo-1.jpg\u00bb width=\u00bb100%\u00bb max_width=\u00bb100%\u00bb min_height=\u00bb20%\u00bb height=\u00bb18%\u00bb max_height=\u00bb20%\u00bb custom_margin=\u00bb||0px||false|false\u00bb custom_padding=\u00bb||0px|||\u00bb][et_pb_row _builder_version=\u00bb4.5.0&#8243; _module_preset=\u00bbdefault\u00bb max_width=\u00bb100%\u00bb][et_pb_column type=\u00bb4_4&#8243; _builder_version=\u00bb4.5.0&#8243; _module_preset=\u00bbdefault\u00bb][et_pb_blurb title=\u00bbRabia y otras Zoonosis\u00bb image=\u00bbhttps:\/\/salud.campeche.gob.mx\/wp-content\/uploads\/2023\/04\/rabia-blanco.png\u00bb image_max_width=\u00bb7em\u00bb content_max_width=\u00bb20em\u00bb font_icon_tablet=\u00bb\u00bb font_icon_phone=\u00bb\u00bb font_icon_last_edited=\u00bbon|desktop\u00bb _builder_version=\u00bb4.5.0&#8243; _module_preset=\u00bbdefault\u00bb header_font=\u00bb|700|||||||\u00bb header_text_align=\u00bbcenter\u00bb header_font_size=\u00bb2em\u00bb header_line_height=\u00bb1.2em\u00bb body_text_align=\u00bbcenter\u00bb body_text_color=\u00bbrgba(0,0,0,0)\u00bb body_font_size=\u00bb1.5em\u00bb body_line_height=\u00bb1.8em\u00bb text_orientation=\u00bbcenter\u00bb width=\u00bb100%\u00bb module_alignment=\u00bbright\u00bb hover_enabled=\u00bb0&#8243; font_icon__hover_enabled=\u00bbon|desktop\u00bb header_text_color=\u00bb#ffffff\u00bb][\/et_pb_blurb][\/et_pb_column][\/et_pb_row][\/et_pb_section][et_pb_section fb_built=\u00bb1&#8243; _builder_version=\u00bb4.5.0&#8243; _module_preset=\u00bbdefault\u00bb custom_margin=\u00bb||auto||false|false\u00bb custom_padding=\u00bb0px||0px|18px|false|false\u00bb][et_pb_row _builder_version=\u00bb4.5.0&#8243; _module_preset=\u00bbdefault\u00bb max_width=\u00bb80%\u00bb min_height=\u00bb100%\u00bb custom_margin=\u00bb|auto|auto|auto|false|false\u00bb custom_padding=\u00bb27px||2px||false|false\u00bb][et_pb_column type=\u00bb4_4&#8243; _builder_version=\u00bb4.5.0&#8243; _module_preset=\u00bbdefault\u00bb][et_pb_blurb title=\u00bbObjetivo.\u00bb content_max_width=\u00bb100%\u00bb _builder_version=\u00bb4.5.0&#8243; _module_preset=\u00bbdefault\u00bb header_font=\u00bb|700|||||||\u00bb header_text_align=\u00bbleft\u00bb header_text_color=\u00bb#9F2241&#8243; header_font_size=\u00bb2em\u00bb body_text_align=\u00bbleft\u00bb custom_margin=\u00bb||auto||false|false\u00bb custom_padding=\u00bb2px|||||\u00bb][\/et_pb_blurb][et_pb_text _builder_version=\u00bb4.5.0&#8243; _module_preset=\u00bbdefault\u00bb text_text_color=\u00bb#000000&#8243; text_font_size=\u00bb1em\u00bb text_orientation=\u00bbjustified\u00bb custom_margin=\u00bb||auto||false|false\u00bb custom_padding=\u00bb||1em||false|false\u00bb]<\/p>\n<p>Evitar las defunciones humanas por Rabia, a trav\u00e9s de distintas acciones de prevenci\u00f3n y control tanto en el humano como en el reservorio.<\/p>\n<p>[\/et_pb_text][et_pb_divider divider_weight=\u00bb0.2em\u00bb _builder_version=\u00bb4.5.0&#8243; _module_preset=\u00bbdefault\u00bb max_width=\u00bb100%\u00bb module_alignment=\u00bbcenter\u00bb custom_margin=\u00bb||0%||false|false\u00bb][\/et_pb_divider][et_pb_blurb title=\u00bbAcciones\u00bb content_max_width=\u00bb100%\u00bb _builder_version=\u00bb4.5.0&#8243; _module_preset=\u00bbdefault\u00bb header_font=\u00bb|700|||||||\u00bb header_text_align=\u00bbleft\u00bb header_text_color=\u00bb#9F2241&#8243; header_font_size=\u00bb2em\u00bb body_text_align=\u00bbleft\u00bb custom_margin=\u00bb||-1px|||\u00bb][\/et_pb_blurb][et_pb_text _builder_version=\u00bb4.5.0&#8243; _module_preset=\u00bbdefault\u00bb text_text_color=\u00bb#000000&#8243; text_font_size=\u00bb1em\u00bb text_orientation=\u00bbjustified\u00bb custom_margin=\u00bb||auto||false|false\u00bb custom_padding=\u00bb||0em||false|false\u00bb]<\/p>\n<ul>\n<li>Vacunaci\u00f3n antirr\u00e1bica humana en pacientes de riesgo grave de enfermar de rabia.<\/li>\n<li>Vacunaci\u00f3n antirr\u00e1bica de perros y gatos para evitar que transmitan esta enfermedad a los humanos.<\/li>\n<li>Esterilizaci\u00f3n canina y felina para disminuir la sobrepoblaci\u00f3n callejera y de esta manera disminuir las agresiones.<\/li>\n<li>Estudio de enc\u00e9falos de perros agresores para descartar que rabia.<\/li>\n<li>Atenci\u00f3n en humanos y perros y gatos en los casos confirmados de Derriengue o rabia paralitica bovina.<\/li>\n<\/ul>\n<p>[\/et_pb_text][et_pb_divider divider_weight=\u00bb0.2em\u00bb _builder_version=\u00bb4.5.0&#8243; _module_preset=\u00bbdefault\u00bb max_width=\u00bb100%\u00bb module_alignment=\u00bbcenter\u00bb custom_margin=\u00bb||0%||false|false\u00bb][\/et_pb_divider][et_pb_blurb title=\u00bbUnidades de Atenci\u00f3n\u00bb content_max_width=\u00bb100%\u00bb _builder_version=\u00bb4.5.0&#8243; _module_preset=\u00bbdefault\u00bb header_font=\u00bb|700|||||||\u00bb header_text_align=\u00bbleft\u00bb header_text_color=\u00bb#9F2241&#8243; header_font_size=\u00bb2em\u00bb body_text_align=\u00bbleft\u00bb min_height=\u00bb37px\u00bb custom_margin=\u00bb||-1px|||\u00bb][\/et_pb_blurb][et_pb_text _builder_version=\u00bb4.5.0&#8243; _module_preset=\u00bbdefault\u00bb text_text_color=\u00bb#000000&#8243; text_font_size=\u00bb1em\u00bb text_orientation=\u00bbjustified\u00bb custom_margin=\u00bb||auto||false|false\u00bb custom_padding=\u00bb||4em||false|false\u00bb]<\/p>\n<p>Departamento Estatal de Vectores: Ex Hospital \u00c1lvaro Vidal Vera, Av. Circuito Baluartes sin numero entre Av. Central y calle Honduras.<\/p>\n<p>Jurisdicci\u00f3n Sanitaria N.1 Avenida Luis Donaldo Colosio Murrieta numero 443 Barrio San Jos\u00e9 CP 24040 Campeche, Campeche.<\/p>\n<p>Jurisdicci\u00f3n Sanitaria N.2 Calle 23 entre 28 y Avenida Hector Perez Martinez Zona Centro CP 24350 Escarcega, Campeche.<\/p>\n<p>Jurisdicci\u00f3n Sanitaria N.3 Calle 56 sin numero Colonia Centro CP 24100 Ciudad del Carmen, Campeche<\/p>\n<p>[\/et_pb_text][\/et_pb_column][\/et_pb_row][\/et_pb_section][et_pb_section fb_built=\u00bb1&#8243; _builder_version=\u00bb4.5.0&#8243; background_color=\u00bb#9F2241&#8243; custom_margin=\u00bb0px||||false|false\u00bb custom_padding=\u00bb0px||0px||false|false\u00bb locked=\u00bboff\u00bb][et_pb_row _builder_version=\u00bb4.16&#8243; max_width=\u00bb80%\u00bb][et_pb_column type=\u00bb4_4&#8243; _builder_version=\u00bb4.16&#8243;][et_pb_blurb title=\u00bbRecomendaciones Pre y Post Operatorias para la Esterilizaci\u00f3n\u00bb image_max_width=\u00bb0%\u00bb content_max_width=\u00bb100%\u00bb _builder_version=\u00bb4.5.0&#8243; _module_preset=\u00bbdefault\u00bb header_level=\u00bbh2&#8243; header_font=\u00bb|700|||||||\u00bb header_text_align=\u00bbcenter\u00bb hover_enabled=\u00bb0&#8243; header_text_color=\u00bb#ffffff\u00bb][\/et_pb_blurb][\/et_pb_column][\/et_pb_row][\/et_pb_section][et_pb_section fb_built=\u00bb1&#8243; _builder_version=\u00bb4.5.0&#8243; _module_preset=\u00bbdefault\u00bb custom_margin=\u00bb||auto||false|false\u00bb custom_padding=\u00bb0px||0px|18px|false|false\u00bb][et_pb_row _builder_version=\u00bb4.5.0&#8243; _module_preset=\u00bbdefault\u00bb max_width=\u00bb80%\u00bb min_height=\u00bb100%\u00bb custom_margin=\u00bb|auto|auto|auto|false|false\u00bb custom_padding=\u00bb27px||2px||false|false\u00bb][et_pb_column type=\u00bb4_4&#8243; _builder_version=\u00bb4.5.0&#8243; _module_preset=\u00bbdefault\u00bb][et_pb_text _builder_version=\u00bb4.5.0&#8243; _module_preset=\u00bbdefault\u00bb text_text_color=\u00bb#000000&#8243; text_font_size=\u00bb1em\u00bb text_orientation=\u00bbjustified\u00bb custom_margin=\u00bb||auto||false|false\u00bb custom_padding=\u00bb||1em||false|false\u00bb]<\/p>\n<p>La esterilizaci\u00f3n canina y felina es una cirug\u00eda realizada por un m\u00e9dico veterinario en el cual se les extirpa el \u00fatero y ovarios a las hembras, y se les quita los test\u00edculos a los machos, con la finalidad de evitar la sobrepoblaci\u00f3n y reproducci\u00f3n descontrolada.<\/p>\n<p>Se pueden esterilizar a los perros y gatos (machos o hembras) a partir de los 4 meses de edad, siempre y cuando no se encuentren gestantes, en celo, lactando, enfermos o en tratamiento.<\/p>\n<p>[\/et_pb_text][et_pb_divider divider_weight=\u00bb0.2em\u00bb _builder_version=\u00bb4.5.0&#8243; _module_preset=\u00bbdefault\u00bb max_width=\u00bb100%\u00bb module_alignment=\u00bbcenter\u00bb custom_margin=\u00bb||0%||false|false\u00bb][\/et_pb_divider][et_pb_blurb title=\u00bbRecomendaciones para llevar tu mascota a esterilizar\u00bb content_max_width=\u00bb100%\u00bb _builder_version=\u00bb4.5.0&#8243; _module_preset=\u00bbdefault\u00bb header_font=\u00bb|700|||||||\u00bb header_text_align=\u00bbleft\u00bb header_text_color=\u00bb#9F2241&#8243; header_font_size=\u00bb2em\u00bb body_text_align=\u00bbleft\u00bb custom_margin=\u00bb||-1px|||\u00bb][\/et_pb_blurb][et_pb_text _builder_version=\u00bb4.5.0&#8243; _module_preset=\u00bbdefault\u00bb text_text_color=\u00bb#000000&#8243; text_font_size=\u00bb1em\u00bb text_orientation=\u00bbjustified\u00bb custom_margin=\u00bb||auto||false|false\u00bb custom_padding=\u00bb||0em||false|false\u00bb]<\/p>\n<ul>\n<li>Los perros y gatos que se van a esterilizar deben traerlos limpios, sin pulgas, ni garrapatas, con correa (si son agresivos deber\u00e1n traer bozal).<\/li>\n<li>Los gatos se reciben en bolsa porosa tipo mercado.<\/li>\n<li>Deben tener ayuno de agua y comida de 8 a 12 horas.<\/li>\n<li>Deben estar sanos (ya que no se atender\u00e1n perros enfermos o en tratamiento as\u00ed como hembras en celo o gestantes).<\/li>\n<\/ul>\n<p>[\/et_pb_text][et_pb_divider divider_weight=\u00bb0.2em\u00bb _builder_version=\u00bb4.5.0&#8243; _module_preset=\u00bbdefault\u00bb max_width=\u00bb100%\u00bb module_alignment=\u00bbcenter\u00bb custom_margin=\u00bb||0%||false|false\u00bb][\/et_pb_divider][et_pb_blurb title=\u00bbCuidados de la mascota despu\u00e9s de la cirug\u00eda\u00bb content_max_width=\u00bb100%\u00bb _builder_version=\u00bb4.5.0&#8243; _module_preset=\u00bbdefault\u00bb header_font=\u00bb|700|||||||\u00bb header_text_align=\u00bbleft\u00bb header_text_color=\u00bb#9F2241&#8243; header_font_size=\u00bb2em\u00bb body_text_align=\u00bbleft\u00bb min_height=\u00bb37px\u00bb custom_margin=\u00bb||-1px|||\u00bb][\/et_pb_blurb][et_pb_text _builder_version=\u00bb4.5.0&#8243; _module_preset=\u00bbdefault\u00bb text_text_color=\u00bb#000000&#8243; text_font_size=\u00bb1em\u00bb text_orientation=\u00bbjustified\u00bb custom_margin=\u00bb||auto||false|false\u00bb custom_padding=\u00bb||4em||false|false\u00bb]<\/p>\n<ul>\n<li>Los perros y gatos esterilizados se entregan dormidos y con su primera dosis de antibi\u00f3tico y analg\u00e9sico, sin embargo es importante acudir con su m\u00e9dico veterinario para continuar el tratamiento antibi\u00f3tico.<\/li>\n<li>Los animales deber\u00e1n estar en un \u00e1rea limpia y seca.<\/li>\n<li>Se deber\u00e1 curar diario la herida<\/li>\n<li>Se debe colocar un collar isabelino para evitar que se irrite la herida con la lengua, y evitar movimientos bruscos que pudieran ocasionar que se abra la herida<\/li>\n<li>La sutura que se utiliza para la esterilizaci\u00f3n es absorbible, por lo cual no ser\u00e1 necesario el retiro de puntos.<\/li>\n<\/ul>\n<p>[\/et_pb_text][\/et_pb_column][\/et_pb_row][\/et_pb_section][et_pb_section fb_built=\u00bb1&#8243; _builder_version=\u00bb4.5.0&#8243; background_color=\u00bb#9F2241&#8243; custom_margin=\u00bb0px||||false|false\u00bb custom_padding=\u00bb0px||0px||false|false\u00bb locked=\u00bboff\u00bb][et_pb_row _builder_version=\u00bb4.16&#8243; max_width=\u00bb80%\u00bb custom_margin=\u00bb-35px|auto||auto||\u00bb][et_pb_column type=\u00bb4_4&#8243; _builder_version=\u00bb4.16&#8243;][et_pb_blurb title=\u00bbRickettsiosis\u00bb image_max_width=\u00bb0%\u00bb content_max_width=\u00bb100%\u00bb _builder_version=\u00bb4.5.0&#8243; _module_preset=\u00bbdefault\u00bb header_level=\u00bbh2&#8243; header_font=\u00bb|700|||||||\u00bb header_text_align=\u00bbcenter\u00bb hover_enabled=\u00bb0&#8243; header_text_color=\u00bb#ffffff\u00bb][\/et_pb_blurb][\/et_pb_column][\/et_pb_row][\/et_pb_section][et_pb_section fb_built=\u00bb1&#8243; _builder_version=\u00bb4.5.0&#8243; _module_preset=\u00bbdefault\u00bb custom_margin=\u00bb||auto||false|false\u00bb custom_padding=\u00bb0px||0px|18px|false|false\u00bb][et_pb_row _builder_version=\u00bb4.5.0&#8243; _module_preset=\u00bbdefault\u00bb max_width=\u00bb80%\u00bb min_height=\u00bb100%\u00bb custom_margin=\u00bb|auto|auto|auto|false|false\u00bb custom_padding=\u00bb27px||2px||false|false\u00bb][et_pb_column type=\u00bb4_4&#8243; _builder_version=\u00bb4.5.0&#8243; _module_preset=\u00bbdefault\u00bb][et_pb_blurb title=\u00bbActividades de Prevenci\u00f3n y Control Rickettsiosis\u00bb content_max_width=\u00bb100%\u00bb _builder_version=\u00bb4.5.0&#8243; _module_preset=\u00bbdefault\u00bb header_font=\u00bb|700|||||||\u00bb header_text_align=\u00bbleft\u00bb header_text_color=\u00bb#9F2241&#8243; header_font_size=\u00bb2em\u00bb body_text_align=\u00bbleft\u00bb custom_margin=\u00bb||-1px|||\u00bb][\/et_pb_blurb][et_pb_text _builder_version=\u00bb4.5.0&#8243; _module_preset=\u00bbdefault\u00bb text_text_color=\u00bb#000000&#8243; text_font_size=\u00bb1em\u00bb text_orientation=\u00bbjustified\u00bb custom_margin=\u00bb||auto||false|false\u00bb custom_padding=\u00bb||0em||false|false\u00bb]<\/p>\n<ul>\n<li>\n<p>Recolecci\u00f3n y env\u00edo de garrapatas al laboratorio del InDRe para diagnostico de rickettsiosis.<\/p>\n<\/li>\n<li>\n<p>Toma de sangre para diagnostico de rickettsiosis en personas sospechosas.<\/p>\n<\/li>\n<li>\n<p>Ectodesparasitacion de perros en \u00e1reas de riesgo con casos probables o confirmados de rickettsiosis.<\/p>\n<\/li>\n<li>\n<p>Rociado con insecticida peri e intradomiciliaria de aquellas casas donde se reporta un caso probable o confirmado de rickettsiosis.<\/p>\n<\/li>\n<li>\n<p>B\u00fasqueda intencionada de casos probables en las zonas donde se reportan casos.<\/p>\n<\/li>\n<\/ul>\n<p>[\/et_pb_text][et_pb_divider divider_weight=\u00bb0.2em\u00bb _builder_version=\u00bb4.5.0&#8243; _module_preset=\u00bbdefault\u00bb max_width=\u00bb100%\u00bb module_alignment=\u00bbcenter\u00bb custom_margin=\u00bb||0%||false|false\u00bb][\/et_pb_divider][\/et_pb_column][\/et_pb_row][\/et_pb_section]<\/p>\n","protected":false},"excerpt":{"rendered":"<p>[et_pb_section fb_built=\u00bb1&#8243; _builder_version=\u00bb4.5.0&#8243; _module_preset=\u00bbdefault\u00bb background_color=\u00bb#91293a\u00bb background_image=\u00bbhttps:\/\/salud.campeche.gob.mx\/wp-content\/uploads\/2022\/12\/fondorojo-1.jpg\u00bb width=\u00bb100%\u00bb max_width=\u00bb100%\u00bb min_height=\u00bb20%\u00bb height=\u00bb18%\u00bb max_height=\u00bb20%\u00bb custom_margin=\u00bb||0px||false|false\u00bb custom_padding=\u00bb||0px|||\u00bb][et_pb_row _builder_version=\u00bb4.5.0&#8243; _module_preset=\u00bbdefault\u00bb max_width=\u00bb100%\u00bb][et_pb_column type=\u00bb4_4&#8243; _builder_version=\u00bb4.5.0&#8243; _module_preset=\u00bbdefault\u00bb][et_pb_blurb title=\u00bbRabia y otras Zoonosis\u00bb image=\u00bbhttps:\/\/salud.campeche.gob.mx\/wp-content\/uploads\/2023\/04\/rabia-blanco.png\u00bb image_max_width=\u00bb7em\u00bb content_max_width=\u00bb20em\u00bb font_icon_tablet=\u00bb\u00bb font_icon_phone=\u00bb\u00bb font_icon_last_edited=\u00bbon|desktop\u00bb _builder_version=\u00bb4.5.0&#8243; _module_preset=\u00bbdefault\u00bb header_font=\u00bb|700|||||||\u00bb header_text_align=\u00bbcenter\u00bb header_font_size=\u00bb2em\u00bb header_line_height=\u00bb1.2em\u00bb body_text_align=\u00bbcenter\u00bb body_text_color=\u00bbrgba(0,0,0,0)\u00bb body_font_size=\u00bb1.5em\u00bb body_line_height=\u00bb1.8em\u00bb text_orientation=\u00bbcenter\u00bb width=\u00bb100%\u00bb module_alignment=\u00bbright\u00bb hover_enabled=\u00bb0&#8243; font_icon__hover_enabled=\u00bbon|desktop\u00bb header_text_color=\u00bb#ffffff\u00bb][\/et_pb_blurb][\/et_pb_column][\/et_pb_row][\/et_pb_section][et_pb_section fb_built=\u00bb1&#8243; _builder_version=\u00bb4.5.0&#8243; _module_preset=\u00bbdefault\u00bb custom_margin=\u00bb||auto||false|false\u00bb custom_padding=\u00bb0px||0px|18px|false|false\u00bb][et_pb_row _builder_version=\u00bb4.5.0&#8243; _module_preset=\u00bbdefault\u00bb max_width=\u00bb80%\u00bb min_height=\u00bb100%\u00bb custom_margin=\u00bb|auto|auto|auto|false|false\u00bb [&hellip;]<\/p>\n","protected":false},"author":2,"featured_media":0,"parent":0,"menu_order":0,"comment_status":"closed","ping_status":"closed","template":"","meta":{"_et_pb_use_builder":"on","_et_pb_old_content":"","_et_gb_content_width":"","footnotes":""},"class_list":["post-1596","page","type-page","status-publish","hentry"],"acf":[],"jetpack_sharing_enabled":true,"_links":{"self":[{"href":"https:\/\/salud.campeche.gob.mx\/index.php?rest_route=\/wp\/v2\/pages\/1596","targetHints":{"allow":["GET"]}}],"collection":[{"href":"https:\/\/salud.campeche.gob.mx\/index.php?rest_route=\/wp\/v2\/pages"}],"about":[{"href":"https:\/\/salud.campeche.gob.mx\/index.php?rest_route=\/wp\/v2\/types\/page"}],"author":[{"embeddable":true,"href":"https:\/\/salud.campeche.gob.mx\/index.php?rest_route=\/wp\/v2\/users\/2"}],"replies":[{"embeddable":true,"href":"https:\/\/salud.campeche.gob.mx\/index.php?rest_route=%2Fwp%2Fv2%2Fcomments&post=1596"}],"version-history":[{"count":5,"href":"https:\/\/salud.campeche.gob.mx\/index.php?rest_route=\/wp\/v2\/pages\/1596\/revisions"}],"predecessor-version":[{"id":1687,"href":"https:\/\/salud.campeche.gob.mx\/index.php?rest_route=\/wp\/v2\/pages\/1596\/revisions\/1687"}],"wp:attachment":[{"href":"https:\/\/salud.campeche.gob.mx\/index.php?rest_route=%2Fwp%2Fv2%2Fmedia&parent=1596"}],"curies":[{"name":"wp","href":"https:\/\/api.w.org\/{rel}","templated":true}]}}